{"id":264,"date":"2023-12-19T19:26:21","date_gmt":"2023-12-19T18:26:21","guid":{"rendered":"https:\/\/wiegehtesdir-comics.de\/?page_id=264"},"modified":"2023-12-19T20:21:11","modified_gmt":"2023-12-19T19:21:11","slug":"erklaerung-zur-digitalen-barrierefreiheit","status":"publish","type":"page","link":"https:\/\/wiegehtesdir-comics.de\/?page_id=264","title":{"rendered":"Erkl\u00e4rung zur digitalen Barrierefreiheit"},"content":{"rendered":"<div class=\"wp-block-group alignwide is-layout-constrained wp-container-core-group-is-layout-bb8db2eb wp-block-group-is-layout-constrained\"><h2 style=\"font-size:24px;font-style:normal;font-weight:600;\" class=\"wp-block-post-title\">Erkl\u00e4rung zur digitalen Barrierefreiheit<\/h2>\n\n<p style=\"font-size:18px\">Bei der Website \u201ewiegehtesdir-comics.de\u201c handelt es sich um ein tempor\u00e4res Projekt zur Publikation von Comics, die sich gegen Ausgrenzung und gruppenbezogene Menschenfeindlichkeit richten. Eine barrierefreie Darstellung von Comics ist kaum m\u00f6glich, der Aufwand stellt aus Sicht des Kulturamts eine unverh\u00e4ltnism\u00e4\u00dfige Belastung dar. Sollte die Webseite entgegen der aktuellen Planung doch l\u00e4ngerfristig bestehen, wird das Kulturamt der Stadt Erlangen entsprechende Nachbesserungen vornehmen.<\/p>\n\n<h2 class=\"wp-block-heading\" style=\"font-size:24px;font-style:normal;font-weight:600\">Feedback-Mechanismus<\/h2>\n\n<p style=\"font-size:18px\">Kontaktinformationen:<br>Stadt Erlangen<br>Kulturamt \u2013 Abt. Festivals und Programme<\/p>\n\n<p style=\"font-size:18px\">Gebbertstra\u00dfe 1<br>91052 Erlangen<br>Telefon: 0 91 31 \/ 86 14 08<br>E-Mail:&nbsp;<a href=\"mailto:info@comic-salon.de\">info@comic-salon.de<\/a><\/p>\n\n<h2 class=\"wp-block-heading\" style=\"font-size:24px;font-style:normal;font-weight:600\">Durchsetzungsverfahren &nbsp;&nbsp;&nbsp;&nbsp;<\/h2>\n\n<p style=\"font-size:18px\">Wenn wir Ihre R\u00fcckmeldungen nicht zu Ihrer Befriedigung bearbeiten oder&nbsp;Sie innerhalb von sechs Wochen nichts von uns h\u00f6ren sollten, k\u00f6nnen Sie sich an&nbsp;das Landesamt f\u00fcr Digitalisierung, Breitband und Vermessung wenden. Dieses pr\u00fcft auf Antrag, ob im Rahmen der \u00dcberwachung gegen\u00fcber dem Verpflichteten Ma\u00dfnahmen erforderlich sind.<\/p>\n\n<p style=\"font-size:18px\">Kontaktinformation der f\u00fcr das Durchsetzungsverfahren zust\u00e4ndigen Einrichtung:<\/p>\n\n<p style=\"font-size:18px\">Landesamt f\u00fcr Digitalisierung, Breitband und Vermessung<br>Alexandrastra\u00dfe 4<br>80538 M\u00fcnchen<\/p>\n\n<p style=\"font-size:18px\">Telefon: +49 89 \/ 21 29 11 11<br>Telefax: +49 89 \/ 21 29 11 13<br>E-Mail:&nbsp;<a href=\"mailto:service@geodaten.bayern.de\">service@geodaten.bayern.de<\/a><br><a href=\"https:\/\/www.ldbv.bayern.de\/service\/kontakt.html\">Webseite Landesamt f\u00fcr Digitalisierung<\/a><\/p>\n\n<p style=\"font-size:18px\">Ver\u00f6ffentlichung der Webseite: Dezember 2023<\/p><\/div><div style=\"height:50px\" aria-hidden=\"true\" class=\"wp-block-spacer\"><\/div><div class=\"wp-block-group is-layout-constrained wp-container-core-group-is-layout-0c3abed9 wp-block-group-is-layout-constrained\"><div class=\"wp-block-group alignwide is-layout-constrained wp-container-core-group-is-layout-0c3abed9 wp-block-group-is-layout-constrained\"><div class=\"wp-block-group alignwide is-content-justification-right is-nowrap is-layout-flex wp-container-core-group-is-layout-8ee43bc3 wp-block-group-is-layout-flex\" style=\"padding-right:0;padding-left:0\"><p style=\"text-decoration:underline\"><a href=\"https:\/\/wiegehtesdir-comics.de\/\">Startseite<\/a><\/p>\n\n<figure class=\"wp-block-image size-full\"><a href=\"https:\/\/wiegehtesdir-comics.de\/\"><img loading=\"lazy\" decoding=\"async\" width=\"50\" height=\"50\" src=\"https:\/\/wiegehtesdir-comics.de\/wp-content\/uploads\/2023\/12\/Home-3.png\" alt=\"\" class=\"wp-image-26\"\/><\/a><\/figure><\/div><\/div><\/div><div style=\"height:50px\" aria-hidden=\"true\" class=\"wp-block-spacer\"><\/div>","protected":false},"excerpt":{"rendered":"<p>Bei der Website \u201ewiegehtesdir-comics.de\u201c handelt es sich um ein tempor\u00e4res Projekt zur Publikation von Comics, die sich gegen Ausgrenzung und gruppenbezogene Menschenfeindlichkeit richten. Eine barrierefreie Darstellung von Comics ist kaum m\u00f6glich, der Aufwand stellt aus Sicht des Kulturamts eine unverh\u00e4ltnism\u00e4\u00dfige Belastung dar. Sollte die Webseite entgegen der aktuellen Planung doch l\u00e4ngerfristig bestehen, wird das Kulturamt [&hellip;]<\/p>\n","protected":false},"author":1,"featured_media":0,"parent":0,"menu_order":0,"comment_status":"closed","ping_status":"closed","template":"","meta":{"footnotes":""},"class_list":["post-264","page","type-page","status-publish","hentry"],"_links":{"self":[{"href":"https:\/\/wiegehtesdir-comics.de\/index.php?rest_route=\/wp\/v2\/pages\/264","targetHints":{"allow":["GET"]}}],"collection":[{"href":"https:\/\/wiegehtesdir-comics.de\/index.php?rest_route=\/wp\/v2\/pages"}],"about":[{"href":"https:\/\/wiegehtesdir-comics.de\/index.php?rest_route=\/wp\/v2\/types\/page"}],"author":[{"embeddable":true,"href":"https:\/\/wiegehtesdir-comics.de\/index.php?rest_route=\/wp\/v2\/users\/1"}],"replies":[{"embeddable":true,"href":"https:\/\/wiegehtesdir-comics.de\/index.php?rest_route=%2Fwp%2Fv2%2Fcomments&post=264"}],"version-history":[{"count":6,"href":"https:\/\/wiegehtesdir-comics.de\/index.php?rest_route=\/wp\/v2\/pages\/264\/revisions"}],"predecessor-version":[{"id":310,"href":"https:\/\/wiegehtesdir-comics.de\/index.php?rest_route=\/wp\/v2\/pages\/264\/revisions\/310"}],"wp:attachment":[{"href":"https:\/\/wiegehtesdir-comics.de\/index.php?rest_route=%2Fwp%2Fv2%2Fmedia&parent=264"}],"curies":[{"name":"wp","href":"https:\/\/api.w.org\/{rel}","templated":true}]}}